{"id":544,"date":"2013-02-12T10:14:07","date_gmt":"2013-02-12T09:14:07","guid":{"rendered":"http:\/\/www.broloten.se\/?page_id=544"},"modified":"2025-09-30T16:53:18","modified_gmt":"2025-09-30T15:53:18","slug":"ett-urval-av-vara-kurshastar","status":"publish","type":"page","link":"http:\/\/broloten.se\/?page_id=544","title":{"rendered":"Kursh\u00e4star"},"content":{"rendered":"\n<p class=\"has-text-align-center\">H\u00e4r ser ni ett urval av de kursh\u00e4star som finns p\u00e5 g\u00e5rden:<\/p>\n\n\n\n<div class=\"wp-block-media-text alignwide has-media-on-the-right is-stacked-on-mobile\"><div class=\"wp-block-media-text__content\">\n<p class=\"has-text-align-center\"><strong>Briman<\/strong><br>Emelies stj\u00e4rna g\u00e5r nu som kursh\u00e4st efter en fin t\u00e4vlingskarri\u00e4r tillsammans. Han har t\u00e4vlat upp till internationell GP och har m\u00e5nga fina meriter tillsammans med Emelie.<\/p>\n<\/div><figure class=\"wp-block-media-text__media\"><img loading=\"lazy\" decoding=\"async\" width=\"487\" height=\"480\" src=\"http:\/\/broloten.se\/wp-content\/uploads\/\/2012\/12\/DSC_0618.jpg\" alt=\"\" class=\"wp-image-984 size-full\" srcset=\"http:\/\/broloten.se\/wp-content\/uploads\/2012\/12\/DSC_0618.jpg 487w, http:\/\/broloten.se\/wp-content\/uploads\/2012\/12\/DSC_0618-300x295.jpg 300w, http:\/\/broloten.se\/wp-content\/uploads\/2012\/12\/DSC_0618-304x300.jpg 304w\" sizes=\"auto, (max-width: 487px) 100vw, 487px\" \/><\/figure><\/div>\n\n\n\n<div class=\"wp-block-media-text alignwide is-stacked-on-mobile\" style=\"grid-template-columns:45% auto\"><figure class=\"wp-block-media-text__media\"><img loading=\"lazy\" decoding=\"async\" width=\"1024\" height=\"627\" src=\"http:\/\/broloten.se\/wp-content\/uploads\/\/2021\/03\/DSC_0705-1024x627-1.jpg\" alt=\"\" class=\"wp-image-2491 size-full\" srcset=\"http:\/\/broloten.se\/wp-content\/uploads\/2021\/03\/DSC_0705-1024x627-1.jpg 1024w, http:\/\/broloten.se\/wp-content\/uploads\/2021\/03\/DSC_0705-1024x627-1-300x184.jpg 300w, http:\/\/broloten.se\/wp-content\/uploads\/2021\/03\/DSC_0705-1024x627-1-768x470.jpg 768w, http:\/\/broloten.se\/wp-content\/uploads\/2021\/03\/DSC_0705-1024x627-1-490x300.jpg 490w\" sizes=\"auto, (max-width: 1024px) 100vw, 1024px\" \/><\/figure><div class=\"wp-block-media-text__content\">\n<p class=\"has-text-align-center\"><strong>Miss Copper<\/strong><br>F\u00f6dd 2007 e. De Niro ue. Briar och har t\u00e4vlat upp till Int II med Emelie p\u00e5 ryggen. Numera g\u00e5r hon som kursh\u00e4st p\u00e5 v\u00e5ra popul\u00e4ra weekendkurser.<\/p>\n\n\n\n<p class=\"has-text-align-center\"><br><\/p>\n<\/div><\/div>\n\n\n\n<div class=\"wp-block-media-text alignwide has-media-on-the-right is-stacked-on-mobile\" style=\"grid-template-columns:auto 45%\"><div class=\"wp-block-media-text__content\">\n<p class=\"has-text-align-center\"><strong>PG<\/strong><br>Valack f\u00f6dd 2007. Utbildad till MSV B.<\/p>\n\n\n\n<p class=\"has-text-align-center\"><br><\/p>\n<\/div><figure class=\"wp-block-media-text__media\"><img loading=\"lazy\" decoding=\"async\" width=\"682\" height=\"1024\" src=\"http:\/\/broloten.se\/wp-content\/uploads\/\/2021\/04\/IMG_0826-682x1024.jpg\" alt=\"\" class=\"wp-image-2781 size-full\" srcset=\"http:\/\/broloten.se\/wp-content\/uploads\/2021\/04\/IMG_0826-682x1024.jpg 682w, http:\/\/broloten.se\/wp-content\/uploads\/2021\/04\/IMG_0826-200x300.jpg 200w, http:\/\/broloten.se\/wp-content\/uploads\/2021\/04\/IMG_0826-768x1153.jpg 768w, http:\/\/broloten.se\/wp-content\/uploads\/2021\/04\/IMG_0826-1023x1536.jpg 1023w, http:\/\/broloten.se\/wp-content\/uploads\/2021\/04\/IMG_0826.jpg 1028w\" sizes=\"auto, (max-width: 682px) 100vw, 682px\" \/><\/figure><\/div>\n\n\n\n<div class=\"wp-block-media-text alignwide is-stacked-on-mobile\" style=\"grid-template-columns:45% auto\"><figure class=\"wp-block-media-text__media\"><img loading=\"lazy\" decoding=\"async\" width=\"763\" height=\"1024\" src=\"https:\/\/broloten.se\/wp-content\/uploads\/\/2025\/09\/20200930_193418-763x1024.jpg\" alt=\"\" class=\"wp-image-3793 size-full\" srcset=\"http:\/\/broloten.se\/wp-content\/uploads\/2025\/09\/20200930_193418-763x1024.jpg 763w, http:\/\/broloten.se\/wp-content\/uploads\/2025\/09\/20200930_193418-223x300.jpg 223w, http:\/\/broloten.se\/wp-content\/uploads\/2025\/09\/20200930_193418-768x1031.jpg 768w, http:\/\/broloten.se\/wp-content\/uploads\/2025\/09\/20200930_193418-1144x1536.jpg 1144w, http:\/\/broloten.se\/wp-content\/uploads\/2025\/09\/20200930_193418-1525x2048.jpg 1525w, http:\/\/broloten.se\/wp-content\/uploads\/2025\/09\/20200930_193418-scaled.jpg 1906w\" sizes=\"auto, (max-width: 763px) 100vw, 763px\" \/><\/figure><div class=\"wp-block-media-text__content\">\n<p class=\"has-text-align-center\"><strong>Fladio<\/strong><br>F: 2005, Dionysos-Flamingo, 178 cm<br><br>Fladio b\u00f6rjade sin karri\u00e4r som dressyrh\u00e4st i Sk\u00e5ne, omskolades till voltigeh\u00e4st i norra Roslagen och \u00e4r sedan 10 \u00e5r en allsidig hobbyh\u00e4st hos v\u00e5r medarbetare Linda Strand i \u00d6sthammar.<\/p>\n\n\n\n<p class=\"has-text-align-center\">Fladio \u00e4r en v\u00e4lutbildad gentleman som tj\u00e4nstg\u00f6r som verksamhetsh\u00e4st p\u00e5 v\u00e5ra sommarridl\u00e4ger och helgkurser och \u00e4r mycket uppskattad.<\/p>\n\n\n\n<p class=\"has-text-align-center\"><br><\/p>\n<\/div><\/div>\n\n\n\n<div class=\"wp-block-media-text alignwide has-media-on-the-right is-stacked-on-mobile\" style=\"grid-template-columns:auto 45%\"><div class=\"wp-block-media-text__content\">\n<p class=\"has-text-align-center\"><strong>Licor<\/strong><br>Licor \u00e4r en Lusitanovalack f\u00f6dd 2015 och importerades fr\u00e5n Portugal av v\u00e5r medarbetare Linda 2021.<\/p>\n\n\n\n<p class=\"has-text-align-center\">Han \u00e4r en genomsn\u00e4ll individ som \u00e4lska gos och kel. I ridningen \u00e4r han extremt k\u00e4nslig men med en vilja att f\u00f6rs\u00f6ka g\u00f6ra r\u00e4tt.\u00a0Det g\u00e4ller bara att hitta r\u00e4tta &#8221;knapparna&#8221;. <br>Licor tycker ox\u00e5 om att hoppa.<\/p>\n\n\n\n<p class=\"has-text-align-center\"><br><\/p>\n<\/div><figure class=\"wp-block-media-text__media\"><img loading=\"lazy\" decoding=\"async\" width=\"912\" height=\"1024\" src=\"https:\/\/broloten.se\/wp-content\/uploads\/\/2025\/09\/20240525_105642-912x1024.jpg\" alt=\"\" class=\"wp-image-3801 size-full\" srcset=\"http:\/\/broloten.se\/wp-content\/uploads\/2025\/09\/20240525_105642-912x1024.jpg 912w, http:\/\/broloten.se\/wp-content\/uploads\/2025\/09\/20240525_105642-267x300.jpg 267w, http:\/\/broloten.se\/wp-content\/uploads\/2025\/09\/20240525_105642-768x863.jpg 768w, http:\/\/broloten.se\/wp-content\/uploads\/2025\/09\/20240525_105642-1367x1536.jpg 1367w, http:\/\/broloten.se\/wp-content\/uploads\/2025\/09\/20240525_105642-1823x2048.jpg 1823w\" sizes=\"auto, (max-width: 912px) 100vw, 912px\" \/><\/figure><\/div>\n\n\n\n<div class=\"wp-block-media-text alignwide is-stacked-on-mobile\" style=\"grid-template-columns:45% auto\"><figure class=\"wp-block-media-text__media\"><img loading=\"lazy\" decoding=\"async\" width=\"773\" height=\"1024\" src=\"https:\/\/broloten.se\/wp-content\/uploads\/\/2025\/09\/image2-1-773x1024.jpeg\" alt=\"\" class=\"wp-image-3796 size-full\" srcset=\"http:\/\/broloten.se\/wp-content\/uploads\/2025\/09\/image2-1-773x1024.jpeg 773w, http:\/\/broloten.se\/wp-content\/uploads\/2025\/09\/image2-1-227x300.jpeg 227w, http:\/\/broloten.se\/wp-content\/uploads\/2025\/09\/image2-1-768x1017.jpeg 768w, http:\/\/broloten.se\/wp-content\/uploads\/2025\/09\/image2-1-1160x1536.jpeg 1160w, http:\/\/broloten.se\/wp-content\/uploads\/2025\/09\/image2-1.jpeg 1178w\" sizes=\"auto, (max-width: 773px) 100vw, 773px\" \/><\/figure><div class=\"wp-block-media-text__content\">\n<p class=\"has-text-align-center\"><strong>Peig<\/strong><br>V\u00e5r fina D-ponny &#8211; Connemara som t\u00e4vlat dressyr och \u00e4r utbildad upp till LA. \u00c4ven t\u00e4vlat WE. G\u00e5tt m\u00e5nga somrar p\u00e5 l\u00e4ger. F\u00f6dd 2016.<br><\/p>\n\n\n\n<p class=\"has-text-align-center\"><br><\/p>\n<\/div><\/div>\n\n\n\n<div class=\"wp-block-media-text alignwide has-media-on-the-right is-stacked-on-mobile\" style=\"grid-template-columns:auto 45%\"><div class=\"wp-block-media-text__content\">\n<p class=\"has-text-align-center\"><strong>Polly<\/strong><br>Polly \u00e4r en Connemara, C-ponny som Brol\u00f6ten \u00e4gt i flera \u00e5r och hon har g\u00e5tt p\u00e5 m\u00e5nga ridl\u00e4ger. Utbildad LA dressyr men gillar ocks\u00e5 att hoppa. F\u00f6dd 2017.<\/p>\n\n\n\n<p class=\"has-text-align-center\"><br><\/p>\n<\/div><figure class=\"wp-block-media-text__media\"><img loading=\"lazy\" decoding=\"async\" width=\"1024\" height=\"847\" src=\"https:\/\/broloten.se\/wp-content\/uploads\/\/2025\/09\/image0-1024x847.jpeg\" alt=\"\" class=\"wp-image-3804 size-full\" srcset=\"http:\/\/broloten.se\/wp-content\/uploads\/2025\/09\/image0-1024x847.jpeg 1024w, http:\/\/broloten.se\/wp-content\/uploads\/2025\/09\/image0-300x248.jpeg 300w, http:\/\/broloten.se\/wp-content\/uploads\/2025\/09\/image0-768x636.jpeg 768w, http:\/\/broloten.se\/wp-content\/uploads\/2025\/09\/image0.jpeg 1293w\" sizes=\"auto, (max-width: 1024px) 100vw, 1024px\" \/><\/figure><\/div>\n\n\n\n<div class=\"wp-block-media-text alignwide is-stacked-on-mobile\" style=\"grid-template-columns:45% auto\"><figure class=\"wp-block-media-text__media\"><img loading=\"lazy\" decoding=\"async\" width=\"910\" height=\"1024\" src=\"https:\/\/broloten.se\/wp-content\/uploads\/\/2025\/09\/image1-910x1024.jpeg\" alt=\"\" class=\"wp-image-3798 size-full\" srcset=\"http:\/\/broloten.se\/wp-content\/uploads\/2025\/09\/image1-910x1024.jpeg 910w, http:\/\/broloten.se\/wp-content\/uploads\/2025\/09\/image1-267x300.jpeg 267w, http:\/\/broloten.se\/wp-content\/uploads\/2025\/09\/image1-768x864.jpeg 768w, http:\/\/broloten.se\/wp-content\/uploads\/2025\/09\/image1.jpeg 1179w\" sizes=\"auto, (max-width: 910px) 100vw, 910px\" \/><\/figure><div class=\"wp-block-media-text__content\">\n<p class=\"has-text-align-center\"><strong>Lucy<\/strong><br>Brol\u00f6tens Connemara D-ponny som t\u00e4vlat dressyr och g\u00e5tt i ridskoleverksamhet. \u00c4ven t\u00e4vlat WE.\u00a0F\u00f6dd 2016.<\/p>\n\n\n\n<p class=\"has-text-align-center\"><br><\/p>\n<\/div><\/div>\n\n\n\n<div class=\"wp-block-media-text alignwide has-media-on-the-right is-stacked-on-mobile\" style=\"grid-template-columns:auto 45%\"><div class=\"wp-block-media-text__content\">\n<p class=\"has-text-align-center\"><strong>Zorroman<\/strong><br>En bed\u00e5rande B-Ponny som \u00e4r \u00e4lskad b\u00e5de av stora och sm\u00e5.&nbsp;<\/p>\n\n\n\n<p class=\"has-text-align-center\"><br><\/p>\n<\/div><figure class=\"wp-block-media-text__media\"><img loading=\"lazy\" decoding=\"async\" width=\"768\" height=\"1024\" src=\"http:\/\/broloten.se\/wp-content\/uploads\/\/2022\/03\/IMG_3333-768x1024.jpg\" alt=\"\" class=\"wp-image-3071 size-full\" srcset=\"http:\/\/broloten.se\/wp-content\/uploads\/2022\/03\/IMG_3333-768x1024.jpg 768w, http:\/\/broloten.se\/wp-content\/uploads\/2022\/03\/IMG_3333-225x300.jpg 225w, http:\/\/broloten.se\/wp-content\/uploads\/2022\/03\/IMG_3333-1152x1536.jpg 1152w, http:\/\/broloten.se\/wp-content\/uploads\/2022\/03\/IMG_3333-1536x2048.jpg 1536w, http:\/\/broloten.se\/wp-content\/uploads\/2022\/03\/IMG_3333-scaled.jpg 1920w\" sizes=\"auto, (max-width: 768px) 100vw, 768px\" \/><\/figure><\/div>\n\n\n\n<p><\/p>\n","protected":false},"excerpt":{"rendered":"<p>H\u00e4r ser ni ett urval av de kursh\u00e4star som finns p\u00e5 g\u00e5rden: BrimanEmelies stj\u00e4rna g\u00e5r nu som kursh\u00e4st efter en fin t\u00e4vlingskarri\u00e4r tillsammans. Han har t\u00e4vlat upp till internationell GP och har m\u00e5nga fina meriter tillsammans med Emelie. Miss CopperF\u00f6dd 2007 e. De Niro ue. Briar och har t\u00e4vlat upp till Int II med Emelie p\u00e5 ryggen. Numera g\u00e5r hon som kursh\u00e4st p\u00e5 v\u00e5ra popul\u00e4ra weekendkurser. PGValack f\u00f6dd 2007. Utbildad till MSV B. FladioF: 2005, Dionysos-Flamingo, 178 cm Fladio b\u00f6rjade sin karri\u00e4r som dressyrh\u00e4st i Sk\u00e5ne, omskolades till voltigeh\u00e4st i norra Roslagen och \u00e4r sedan 10 \u00e5r en allsidig hobbyh\u00e4st hos v\u00e5r medarbetare Linda Strand i \u00d6sthammar. Fladio \u00e4r en v\u00e4lutbildad gentleman som tj\u00e4nstg\u00f6r som verksamhetsh\u00e4st p\u00e5 v\u00e5ra sommarridl\u00e4ger och helgkurser och \u00e4r mycket uppskattad. LicorLicor \u00e4r en Lusitanovalack f\u00f6dd 2015 och importerades fr\u00e5n Portugal av v\u00e5r medarbetare Linda 2021. Han \u00e4r en genomsn\u00e4ll individ som \u00e4lska gos och kel.&hellip;<\/p>\n<p> <a class=\"more-link\" href=\"http:\/\/broloten.se\/?page_id=544\">L\u00e4s mer<\/a><\/p>\n","protected":false},"author":2,"featured_media":2165,"parent":0,"menu_order":0,"comment_status":"closed","ping_status":"closed","template":"","meta":{"footnotes":""},"class_list":["post-544","page","type-page","status-publish","has-post-thumbnail"],"_links":{"self":[{"href":"http:\/\/broloten.se\/index.php?rest_route=\/wp\/v2\/pages\/544","targetHints":{"allow":["GET"]}}],"collection":[{"href":"http:\/\/broloten.se\/index.php?rest_route=\/wp\/v2\/pages"}],"about":[{"href":"http:\/\/broloten.se\/index.php?rest_route=\/wp\/v2\/types\/page"}],"author":[{"embeddable":true,"href":"http:\/\/broloten.se\/index.php?rest_route=\/wp\/v2\/users\/2"}],"replies":[{"embeddable":true,"href":"http:\/\/broloten.se\/index.php?rest_route=%2Fwp%2Fv2%2Fcomments&post=544"}],"version-history":[{"count":67,"href":"http:\/\/broloten.se\/index.php?rest_route=\/wp\/v2\/pages\/544\/revisions"}],"predecessor-version":[{"id":3806,"href":"http:\/\/broloten.se\/index.php?rest_route=\/wp\/v2\/pages\/544\/revisions\/3806"}],"wp:featuredmedia":[{"embeddable":true,"href":"http:\/\/broloten.se\/index.php?rest_route=\/wp\/v2\/media\/2165"}],"wp:attachment":[{"href":"http:\/\/broloten.se\/index.php?rest_route=%2Fwp%2Fv2%2Fmedia&parent=544"}],"curies":[{"name":"wp","href":"https:\/\/api.w.org\/{rel}","templated":true}]}}